{"id":387,"date":"2015-12-29T22:57:38","date_gmt":"2015-12-29T20:57:38","guid":{"rendered":"http:\/\/rasimyagar.com\/?page_id=387"},"modified":"2016-02-11T16:09:39","modified_gmt":"2016-02-11T16:09:39","slug":"diger-faaliyetler","status":"publish","type":"page","link":"https:\/\/www.masev.org\/dernek\/diger-faaliyetler\/","title":{"rendered":"Di\u011fer Faaliyetler"},"content":{"rendered":"<p>&nbsp;<\/p>\n<p><strong>D\u0130\u011eER FAAL\u0130YETLER<\/strong><\/p>\n<p><strong>1. \u00a0 \u00a0\u0130LET\u0130\u015e\u0130M FAAL\u0130YETLER\u0130<\/strong><br \/>\nHem\u015fehrilerimizle d\u00fc\u011f\u00fcnleri, \u00f6nemli haberleri, kazalar\u0131 \u00a0ve \u00f6zelliklede \u00f6l\u00fcm haberlerini t\u00fcm dernek \u00fcyelerine , hem\u015fehrilerimize duyurarak herkesin birbirinden haberdar olmas\u0131n\u0131 sa\u011fl\u0131yoruz.<\/p>\n<p><strong>2. \u00a0 \u00a0\u00c7E\u015e\u0130TL\u0130 TOPLANTILAR<\/strong><\/p>\n<p>Derne\u011fimizin \u00a0faaliyetlerini tan\u0131tmak, derne\u011fe gelir sa\u011flamak, \u00fcyeleri kayna\u015ft\u0131rmak ve yapaca\u011f\u0131m\u0131z faaliyetlerle ilgili \u00fcyelerimizin g\u00f6r\u00fc\u015f ve \u00f6nerilerini \u00a0almak amac\u0131yla \u00e7e\u015fitli toplant\u0131lar d\u00fczenliyoruz.<\/p>\n<p><strong>3. \u00a0 \u00a0SOSYAL YARDIMLAR<\/strong><\/p>\n<p>Hem\u015ferilerimizden ve \u00e7evremizden ihtiya\u00e7 sahibi ailelere g\u0131da ve giyecek yard\u0131m\u0131nda bulunuyoruz. Ramazan ay\u0131nda hay\u0131rsever \u00fcyelerimizin katk\u0131s\u0131yla Ramazan Erzak\u0131 da\u011f\u0131t\u0131yoruz. D\u00fc\u015fk\u00fcn olan, kaza yapan, askerde evlad\u0131 olan ve muhta\u00e7 ailelere ayni yard\u0131m\u0131n yan\u0131nda nakdi yard\u0131m yap\u0131yoruz.<\/p>\n","protected":false},"excerpt":{"rendered":"<p>&nbsp; D\u0130\u011eER FAAL\u0130YETLER 1. \u00a0 \u00a0\u0130LET\u0130\u015e\u0130M FAAL\u0130YETLER\u0130 Hem\u015fehrilerimizle d\u00fc\u011f\u00fcnleri, \u00f6nemli haberleri, kazalar\u0131 \u00a0ve \u00f6zelliklede \u00f6l\u00fcm haberlerini t\u00fcm dernek \u00fcyelerine , hem\u015fehrilerimize duyurarak herkesin birbirinden haberdar olmas\u0131n\u0131 sa\u011fl\u0131yoruz. 2. \u00a0 \u00a0\u00c7E\u015e\u0130TL\u0130 TOPLANTILAR Derne\u011fimizin \u00a0faaliyetlerini tan\u0131tmak, derne\u011fe gelir sa\u011flamak, \u00fcyeleri kayna\u015ft\u0131rmak ve yapaca\u011f\u0131m\u0131z faaliyetlerle ilgili \u00fcyelerimizin g\u00f6r\u00fc\u015f ve \u00f6nerilerini \u00a0almak amac\u0131yla \u00e7e\u015fitli toplant\u0131lar d\u00fczenliyoruz. 3. \u00a0 \u00a0SOSYAL [&hellip;]<\/p>\n","protected":false},"author":35,"featured_media":0,"parent":0,"menu_order":0,"comment_status":"closed","ping_status":"closed","template":"","meta":{"footnotes":""},"class_list":["post-387","page","type-page","status-publish","hentry"],"_links":{"self":[{"href":"https:\/\/www.masev.org\/dernek\/wp-json\/wp\/v2\/pages\/387","targetHints":{"allow":["GET"]}}],"collection":[{"href":"https:\/\/www.masev.org\/dernek\/wp-json\/wp\/v2\/pages"}],"about":[{"href":"https:\/\/www.masev.org\/dernek\/wp-json\/wp\/v2\/types\/page"}],"author":[{"embeddable":true,"href":"https:\/\/www.masev.org\/dernek\/wp-json\/wp\/v2\/users\/35"}],"replies":[{"embeddable":true,"href":"https:\/\/www.masev.org\/dernek\/wp-json\/wp\/v2\/comments?post=387"}],"version-history":[{"count":0,"href":"https:\/\/www.masev.org\/dernek\/wp-json\/wp\/v2\/pages\/387\/revisions"}],"wp:attachment":[{"href":"https:\/\/www.masev.org\/dernek\/wp-json\/wp\/v2\/media?parent=387"}],"curies":[{"name":"wp","href":"https:\/\/api.w.org\/{rel}","templated":true}]}}