{"id":332,"date":"2015-12-25T15:47:59","date_gmt":"2015-12-25T13:47:59","guid":{"rendered":"http:\/\/rasimyagar.com\/?page_id=332"},"modified":"2024-09-19T18:52:41","modified_gmt":"2024-09-19T16:52:41","slug":"dernek-baskanimiz","status":"publish","type":"page","link":"https:\/\/www.masev.org\/dernek\/dernek-baskanimiz\/","title":{"rendered":"Dernek Ba\u015fkan\u0131m\u0131z"},"content":{"rendered":"<div class=\"wp-block-image\">\n<figure class=\"aligncenter size-large is-resized\"><img fetchpriority=\"high\" decoding=\"async\" width=\"1024\" height=\"873\" src=\"https:\/\/www.masev.org\/dernek\/wp-content\/uploads\/2017\/09\/LOGO-YEN\u0130-1-1024x873.png\" alt=\"\" class=\"wp-image-1704\" style=\"width:265px;height:auto\" srcset=\"https:\/\/www.masev.org\/dernek\/wp-content\/uploads\/2017\/09\/LOGO-YEN\u0130-1-1024x873.png 1024w, https:\/\/www.masev.org\/dernek\/wp-content\/uploads\/2017\/09\/LOGO-YEN\u0130-1-300x256.png 300w, https:\/\/www.masev.org\/dernek\/wp-content\/uploads\/2017\/09\/LOGO-YEN\u0130-1-768x655.png 768w\" sizes=\"(max-width: 1024px) 100vw, 1024px\" \/><\/figure>\n<\/div>\n\n\n<div style=\"height:28px\" aria-hidden=\"true\" class=\"wp-block-spacer\"><\/div>\n\n\n\n<figure class=\"wp-block-gallery aligncenter has-nested-images columns-default is-cropped wp-block-gallery-1 is-layout-flex wp-block-gallery-is-layout-flex\">\n<figure data-wp-context=\"{&quot;imageId&quot;:&quot;69f392bcc7002&quot;}\" data-wp-interactive=\"core\/image\" data-wp-key=\"69f392bcc7002\" class=\"wp-block-image size-full is-style-rounded wp-lightbox-container\"><img decoding=\"async\" width=\"1920\" height=\"1719\" data-wp-class--hide=\"state.isContentHidden\" data-wp-class--show=\"state.isContentVisible\" data-wp-init=\"callbacks.setButtonStyles\" data-wp-on--click=\"actions.showLightbox\" data-wp-on--load=\"callbacks.setButtonStyles\" data-wp-on-window--resize=\"callbacks.setButtonStyles\" data-id=\"2058\" src=\"https:\/\/www.masev.org\/dernek\/wp-content\/uploads\/2024\/01\/ali-duran-scaled-e1710671803836.jpg\" alt=\"\" class=\"wp-image-2058\" style=\"object-fit:cover\" srcset=\"https:\/\/www.masev.org\/dernek\/wp-content\/uploads\/2024\/01\/ali-duran-scaled-e1710671803836.jpg 1920w, https:\/\/www.masev.org\/dernek\/wp-content\/uploads\/2024\/01\/ali-duran-scaled-e1710671803836-300x269.jpg 300w, https:\/\/www.masev.org\/dernek\/wp-content\/uploads\/2024\/01\/ali-duran-scaled-e1710671803836-1024x917.jpg 1024w, https:\/\/www.masev.org\/dernek\/wp-content\/uploads\/2024\/01\/ali-duran-scaled-e1710671803836-768x688.jpg 768w, https:\/\/www.masev.org\/dernek\/wp-content\/uploads\/2024\/01\/ali-duran-scaled-e1710671803836-1536x1375.jpg 1536w, https:\/\/www.masev.org\/dernek\/wp-content\/uploads\/2024\/01\/ali-duran-scaled-e1710671803836-640x573.jpg 640w, https:\/\/www.masev.org\/dernek\/wp-content\/uploads\/2024\/01\/ali-duran-scaled-e1710671803836-400x358.jpg 400w\" sizes=\"(max-width: 1920px) 100vw, 1920px\" \/><button\n\t\t\tclass=\"lightbox-trigger\"\n\t\t\ttype=\"button\"\n\t\t\taria-haspopup=\"dialog\"\n\t\t\taria-label=\"B\u00fcy\u00fct\"\n\t\t\tdata-wp-init=\"callbacks.initTriggerButton\"\n\t\t\tdata-wp-on--click=\"actions.showLightbox\"\n\t\t\tdata-wp-style--right=\"state.imageButtonRight\"\n\t\t\tdata-wp-style--top=\"state.imageButtonTop\"\n\t\t>\n\t\t\t<svg xmlns=\"http:\/\/www.w3.org\/2000\/svg\" width=\"12\" height=\"12\" fill=\"none\" viewBox=\"0 0 12 12\">\n\t\t\t\t<path fill=\"#fff\" d=\"M2 0a2 2 0 0 0-2 2v2h1.5V2a.5.5 0 0 1 .5-.5h2V0H2Zm2 10.5H2a.5.5 0 0 1-.5-.5V8H0v2a2 2 0 0 0 2 2h2v-1.5ZM8 12v-1.5h2a.5.5 0 0 0 .5-.5V8H12v2a2 2 0 0 1-2 2H8Zm2-12a2 2 0 0 1 2 2v2h-1.5V2a.5.5 0 0 0-.5-.5H8V0h2Z\" \/>\n\t\t\t<\/svg>\n\t\t<\/button><\/figure>\n<\/figure>\n\n\n\n<div style=\"height:28px\" aria-hidden=\"true\" class=\"wp-block-spacer\"><\/div>\n\n\n\n<p class=\"has-text-align-center\">Tokat Sulusaray Mal\u00fbm Seyit Tekkesi E\u011fitim K\u00fclt\u00fcr Sosyal Yard\u0131mla\u015fma ve Dayan\u0131\u015fma Derne\u011fi Ba\u015fkan\u0131<\/p>\n\n\n\n<p class=\"has-text-align-center has-medium-font-size\"><strong>Ali DURAN<\/strong><\/p>\n\n\n\n<p class=\"has-text-align-center\">\u0130leti\u015fim Bilgileri:<\/p>\n\n\n\n<p class=\"has-text-align-center\">Tel:<a href=\"tel:05362611753\"> <strong>0536 261 17 53<\/strong><\/a><\/p>\n\n\n\n<div class=\"wp-block-buttons has-custom-font-size has-large-font-size is-content-justification-center is-layout-flex wp-container-core-buttons-is-layout-16018d1d wp-block-buttons-is-layout-flex\">\n<div class=\"wp-block-button has-custom-font-size is-style-fill has-medium-font-size\"><a class=\"wp-block-button__link has-white-color has-vivid-green-cyan-background-color has-text-color has-background has-link-color wp-element-button\" href=\"tel: 05362611753\" style=\"border-radius:46px\">Dernek Ba\u015fkan\u0131n\u0131 Ara<\/a><\/div>\n<\/div>\n\n\n\n<p><\/p>\n","protected":false},"excerpt":{"rendered":"<p>Tokat Sulusaray Mal\u00fbm Seyit Tekkesi E\u011fitim K\u00fclt\u00fcr Sosyal Yard\u0131mla\u015fma ve Dayan\u0131\u015fma Derne\u011fi Ba\u015fkan\u0131 Ali DURAN \u0130leti\u015fim Bilgileri: Tel: 0536 261 17 53<\/p>\n","protected":false},"author":35,"featured_media":0,"parent":0,"menu_order":0,"comment_status":"closed","ping_status":"closed","template":"","meta":{"footnotes":""},"class_list":["post-332","page","type-page","status-publish","hentry"],"_links":{"self":[{"href":"https:\/\/www.masev.org\/dernek\/wp-json\/wp\/v2\/pages\/332","targetHints":{"allow":["GET"]}}],"collection":[{"href":"https:\/\/www.masev.org\/dernek\/wp-json\/wp\/v2\/pages"}],"about":[{"href":"https:\/\/www.masev.org\/dernek\/wp-json\/wp\/v2\/types\/page"}],"author":[{"embeddable":true,"href":"https:\/\/www.masev.org\/dernek\/wp-json\/wp\/v2\/users\/35"}],"replies":[{"embeddable":true,"href":"https:\/\/www.masev.org\/dernek\/wp-json\/wp\/v2\/comments?post=332"}],"version-history":[{"count":13,"href":"https:\/\/www.masev.org\/dernek\/wp-json\/wp\/v2\/pages\/332\/revisions"}],"predecessor-version":[{"id":3068,"href":"https:\/\/www.masev.org\/dernek\/wp-json\/wp\/v2\/pages\/332\/revisions\/3068"}],"wp:attachment":[{"href":"https:\/\/www.masev.org\/dernek\/wp-json\/wp\/v2\/media?parent=332"}],"curies":[{"name":"wp","href":"https:\/\/api.w.org\/{rel}","templated":true}]}}