{"id":329,"date":"2015-12-25T15:46:18","date_gmt":"2015-12-25T13:46:18","guid":{"rendered":"http:\/\/rasimyagar.com\/?page_id=329"},"modified":"2017-09-15T18:29:11","modified_gmt":"2017-09-15T16:29:11","slug":"hakkimizda","status":"publish","type":"page","link":"https:\/\/www.masev.org\/dernek\/hakkimizda\/","title":{"rendered":"Hakk\u0131m\u0131zda"},"content":{"rendered":"<p><span style=\"line-height: 1.5;\">Malum Seyit Tekkeli Hem\u015ferilerimiz,\u00a0Tokat &#8216;a 70 km uzakl\u0131kta\u00a0bir kasaba olan Malum Seyit Tekke den \u00e7al\u0131\u015fmak ve ekmek paras\u0131 kazanmak amac\u0131yla\u00a01960&#8242; l\u0131 y\u0131llar\u0131n ba\u015f\u0131ndan itibaren \u0130stanbul&#8217; a gelmeye ba\u015flad\u0131. 1970 &#8216; li y\u0131llara kadar \u00f6nemli \u00f6l\u00e7\u00fcde \u0130stanbul &#8216;a yerle\u015fen olmad\u0131.<\/span><\/p>\n<p>1980&#8242; li y\u0131llardan sonra \u00e7ok say\u0131da Malum Seyit Tekkeli hem\u015ferimiz, \u0130stanbul&#8217;un Kumburgaz, Silivri, B.\u00e7ekmece ve Mimarsinan b\u00f6lgesine yerle\u015fmeye ba\u015flad\u0131. \u0130nsanlar\u0131m\u0131z a\u011f\u0131rl\u0131kl\u0131 olarak in\u015faat i\u015fleriyle u\u011fra\u015f\u0131rlard\u0131. Zamanla de\u011fi\u015fik bran\u015flara y\u00f6nelenler oldu. \u00d6zellikle hafriyat alan\u0131nda B.\u00e7ekmece ve Silivri aras\u0131nda hem\u015ferilerimiz s\u00f6z sahibi oldular. G\u00f6\u00e7 olay\u0131 artmaya ba\u015flad\u0131, taki \u0130stanbul&#8217;daki n\u00fcfus Kasaban\u0131n n\u00fcfusunu ge\u00e7ti. Ancak \u0130stanbul&#8217; a yerle\u015fen hem\u015ferileriler imiz aras\u0131ndaki ili\u015fkiler (\u00a0akrabal\u0131k, kom\u015fuluk, hem\u015ferilik) devam etti. \u00d6zellikle cenaze ve d\u00fc\u011f\u00fcnlere herkes azami \u00f6l\u00e7\u00fcde i\u015ftirak etti. K\u0131sa zamanda y\u00f6re insan\u0131yla kayna\u015ft\u0131lar, sevildiler, sevdiler ve \u00e7evreye uyum sa\u011flad\u0131lar. Kendi aralar\u0131nda iyi g\u00fcnlerinde k\u00f6t\u00fc g\u00fcnlerinde hep beraber oldular. Sevgilerini payla\u015farak b\u00fcy\u00fctt\u00fcler, ac\u0131lar\u0131n\u0131 ve \u00fcz\u00fcnt\u00fclerini de payla\u015farak azaltt\u0131lar. Ama k\u00fclt\u00fcrlerini, \u00f6rf, adet ve\u00a0gelenek g\u00f6reneklerini\u00a0hala devam ettirmenin gayreti ve \u00e7abas\u0131 i\u00e7erisindeler. Bu do\u011fal birliktelik\u00a0b\u00f6lgede hem\u015ferilerimize hem sosyal hem de ekonomik anlamda\u00a0s\u00f6z sahibi olma imkan\u0131n\u0131 kazand\u0131rd\u0131. Ev, ara\u00e7, gere\u00e7, i\u015f, g\u00fc\u00e7 sahibi oldular. Bir\u00e7ok hem\u015ferimiz muhtar, meclis \u00fcyesi\u00a0se\u00e7ildi ve bulunduklar\u0131 b\u00f6lgeye hizmet etmeye \u00e7al\u0131\u015ft\u0131lar ve hizmet etmeye \u00a0devam ediyorlar.<\/p>\n<p>Hem\u015ferilerimizin say\u0131ca \u00e7o\u011falmalar\u0131 neticesinde bu potansiyeli\u00a0 tek elden y\u00f6netmek amac\u0131yla dernek ihtiyac\u0131 do\u011fdu. Dernek kuruldu. K\u0131sa zamanda Dernek kanal\u0131yla\u00a0birlik ve beraberli\u011fin sa\u011flanmas\u0131, yard\u0131mla\u015fma, kayna\u015fma\u00a0ve dayan\u0131\u015fman\u0131n sa\u011flanabilmesi, gelecek nesillerin geleneklerini ya\u015fatmas\u0131, insanlar\u0131m\u0131z\u0131n birbirini unutmamas\u0131\u00a0gibi bir\u00e7ok ama\u00e7 etraf\u0131nda bir araya gelindi.\u00a0 Bizler de Dernek y\u00f6netimi olarak\u00a0hem\u015ferilerimizin istek ve temennileri do\u011frultusun da faaliyetlerimize devam ediyoruz. Hep beraber \u00e7ok b\u00fcy\u00fck hedefleri ger\u00e7ekle\u015ftirece\u011fiz<\/p>\n","protected":false},"excerpt":{"rendered":"<p>Malum Seyit Tekkeli Hem\u015ferilerimiz,\u00a0Tokat &#8216;a 70 km uzakl\u0131kta\u00a0bir kasaba olan Malum Seyit Tekke den \u00e7al\u0131\u015fmak ve ekmek paras\u0131 kazanmak amac\u0131yla\u00a01960&#8242; l\u0131 y\u0131llar\u0131n ba\u015f\u0131ndan itibaren \u0130stanbul&#8217; a gelmeye ba\u015flad\u0131. 1970 &#8216; li y\u0131llara kadar \u00f6nemli \u00f6l\u00e7\u00fcde \u0130stanbul &#8216;a yerle\u015fen olmad\u0131. 1980&#8242; li y\u0131llardan sonra \u00e7ok say\u0131da Malum Seyit Tekkeli hem\u015ferimiz, \u0130stanbul&#8217;un Kumburgaz, Silivri, B.\u00e7ekmece ve Mimarsinan [&hellip;]<\/p>\n","protected":false},"author":35,"featured_media":0,"parent":0,"menu_order":0,"comment_status":"closed","ping_status":"closed","template":"","meta":{"footnotes":""},"class_list":["post-329","page","type-page","status-publish","hentry"],"_links":{"self":[{"href":"https:\/\/www.masev.org\/dernek\/wp-json\/wp\/v2\/pages\/329","targetHints":{"allow":["GET"]}}],"collection":[{"href":"https:\/\/www.masev.org\/dernek\/wp-json\/wp\/v2\/pages"}],"about":[{"href":"https:\/\/www.masev.org\/dernek\/wp-json\/wp\/v2\/types\/page"}],"author":[{"embeddable":true,"href":"https:\/\/www.masev.org\/dernek\/wp-json\/wp\/v2\/users\/35"}],"replies":[{"embeddable":true,"href":"https:\/\/www.masev.org\/dernek\/wp-json\/wp\/v2\/comments?post=329"}],"version-history":[{"count":1,"href":"https:\/\/www.masev.org\/dernek\/wp-json\/wp\/v2\/pages\/329\/revisions"}],"predecessor-version":[{"id":1297,"href":"https:\/\/www.masev.org\/dernek\/wp-json\/wp\/v2\/pages\/329\/revisions\/1297"}],"wp:attachment":[{"href":"https:\/\/www.masev.org\/dernek\/wp-json\/wp\/v2\/media?parent=329"}],"curies":[{"name":"wp","href":"https:\/\/api.w.org\/{rel}","templated":true}]}}